{"id":23771,"date":"2026-08-26T10:11:29","date_gmt":"2026-08-26T08:11:29","guid":{"rendered":"https:\/\/birdmusicproduction.ro\/tickets-events\/nocturnal-fest-2026-editia-a-ii-a-republic-hub\/"},"modified":"2026-08-26T12:24:26","modified_gmt":"2026-08-26T10:24:26","slug":"nocturnal-fest-2026-editia-a-ii-a-republic-hub","status":"publish","type":"tc_events","link":"https:\/\/birdmusicproduction.ro\/hu\/rendezveny-jegyek\/nocturnal-fest-2026-editia-a-ii-a-republic-hub\/","title":{"rendered":"NOCTURNAL FEST 2026 \u2013 II. kiad\u00e1s | Republic Hub-ban"},"content":{"rendered":"\n<figure class=\"wp-block-image size-large is-resized\"><img fetchpriority=\"high\" decoding=\"async\" width=\"1024\" height=\"390\" src=\"https:\/\/birdmusicproduction.ro\/wp-content\/uploads\/2026\/08\/Afis_nocturnal_eternity_26-septembrie-1024x390.jpeg\" alt=\"Nocturnal Fest 2026 la Republic Hub. 26 septembrie.\" class=\"wp-image-23758\" style=\"width:1174px;height:auto\" title=\"\" srcset=\"https:\/\/birdmusicproduction.ro\/wp-content\/uploads\/2026\/08\/Afis_nocturnal_eternity_26-septembrie-1024x390.jpeg 1024w, https:\/\/birdmusicproduction.ro\/wp-content\/uploads\/2026\/08\/Afis_nocturnal_eternity_26-septembrie-300x114.jpeg 300w, https:\/\/birdmusicproduction.ro\/wp-content\/uploads\/2026\/08\/Afis_nocturnal_eternity_26-septembrie-768x292.jpeg 768w, https:\/\/birdmusicproduction.ro\/wp-content\/uploads\/2026\/08\/Afis_nocturnal_eternity_26-septembrie-1536x585.jpeg 1536w, https:\/\/birdmusicproduction.ro\/wp-content\/uploads\/2026\/08\/Afis_nocturnal_eternity_26-septembrie-600x228.jpeg 600w, https:\/\/birdmusicproduction.ro\/wp-content\/uploads\/2026\/08\/Afis_nocturnal_eternity_26-septembrie.jpeg 1600w\" sizes=\"(max-width: 1024px) 100vw, 1024px\" \/><\/figure>\n\n\n\n<div style=\"height:38px\" aria-hidden=\"true\" class=\"wp-block-spacer\"><\/div>\n\n\n<div class=\"tickera-rep\"><table class=\"republic-event-table event_tickets tickera\"><thead><tr><th>Jegy t\u00edpusa<\/th><th>\u00c1r<\/th><th>BEV\u00c1S\u00c1RL\u00c1S<\/th><\/tr><\/thead><tbody><tr><td>Bilete festival Nocturnal Eternity edi\u021bia a-II-a<br\/><span class=\"quantity-text-rep\">M\u00e1r csak <strong>199<\/strong> jegy maradt.<\/span><\/td><td><span class=\"woocommerce-Price-amount amount\"><bdi>70,00&nbsp;<span class=\"woocommerce-Price-currencySymbol\" translate=\"no\">lei<\/span><\/bdi><\/span><\/td><td><p class=\"product woocommerce add_to_cart_inline tc-wb-add-to-cart\" style=\"\"><a href=\"\/hu\/wp-json\/wp\/v2\/tc_events\/23771?add-to-cart=23761\" aria-describedby=\"woocommerce_loop_add_to_cart_link_describedby_23761\" data-quantity=\"1\" class=\"button product_type_simple add_to_cart_button ajax_add_to_cart\" data-product_id=\"23761\" data-product_sku=\"\" aria-label=\"Kos\u00e1rba: &ldquo;Bilete festival Nocturnal Eternity edi\u021bia a-II-a&rdquo;\" rel=\"follow\" data-success_message=\"&ldquo;Bilete festival Nocturnal Eternity edi\u021bia a-II-a&rdquo; has been added to your cart\">Kos\u00e1rba teszem<\/a>\t<span id=\"woocommerce_loop_add_to_cart_link_describedby_23761\" class=\"screen-reader-text\">\n\t\t\t<\/span>\n<\/p><\/td><\/tr><\/table><\/div>\n\n\n\n<h2 class=\"wp-block-heading has-large-font-size\"><strong><strong>FOLYTAT\u00d3DIK A HAGYOM\u00c1NY: NOCTURNAL FEST II<\/strong><\/strong><\/h2>\n\n\n\n<p class=\"wp-block-paragraph\">K\u00f6z\u00f6ss\u00e9g\u00fcnk \u00fajra egyes\u00fcl a <strong>NOCTURNAL FEST 2026<\/strong> m\u00e1sodik kiad\u00e1s\u00e1ra! Imm\u00e1r harmadik alkalommal a Republic Hub sz\u00ednpad\u00e1n, a <strong>Nocturnal Eternity<\/strong> zenekar (a rendezv\u00e9ny h\u00e1zigazd\u00e1ja \u00e9s szervez\u0151je, Manache Mih\u00e1ly r\u00e9v\u00e9n) egy metal maratonra invit\u00e1l titeket, amely a bar\u00e1ts\u00e1got \u00e9s az \u00e9l\u0151 zene erej\u00e9t \u00fcnnepli.<br><br><strong>Szeptember 26-\u00e1n<\/strong>, szombaton a Republic Hub ism\u00e9t a metal epicentrum\u00e1v\u00e1 v\u00e1lik, Bulg\u00e1ri\u00e1b\u00f3l, Krajov\u00e1r\u00f3l, Sz\u00e1szr\u00e9genb\u0151l \u00e9s Marosv\u00e1s\u00e1rhelyr\u0151l \u00e9rkez\u0151 zenekarokat felvonultatva egy v\u00e1ltozatos \u00e9s \u00e1t\u00fct\u0151 erej\u0171 fell\u00e9p\u0151g\u00e1rd\u00e1val (line-up).<\/p>\n\n\n\n<hr class=\"wp-block-separator has-alpha-channel-opacity\"\/>\n\n\n\n<h3 class=\"wp-block-heading has-medium-font-size\">\ud83c\udfb8 <strong>A FESZTIV\u00c1L PROGRAMJA:<\/strong><\/h3>\n\n\n\n<p class=\"wp-block-paragraph\">\ud83d\udd52\u00a017:30 \u2013 KAPUNYIT\u00c1S (K\u00f6z\u00f6ns\u00e9gbel\u00e9p\u00e9s &amp; B\u00e1r)<br>\ud83d\udd52\u00a018:00 \u2013 ALAKS\u00d6R (Marosv\u00e1s\u00e1rhely)<br>\ud83d\udd52\u00a018:30 \u2013 HISTORIAN (Sz\u00f3fia, BG)<br>\ud83d\udd52\u00a019:30 \u2013 ENDLESS DARK (Dics\u0151szentm\u00e1rton)<br>\ud83d\udd52\u00a020:30 \u2013 MENTAL DISTRICT (Krajova)<br>\ud83d\udd52\u00a021:30 \u2013 NOCTURNAL ETERNITY (Marosv\u00e1s\u00e1rhely)<\/p>\n\n\n\n<hr class=\"wp-block-separator has-alpha-channel-opacity\"\/>\n\n\n\n<h3 class=\"wp-block-heading has-medium-font-size\">LINE-UP:<\/h3>\n\n\n\n<p class=\"wp-block-paragraph\">\u2728\u00a0<strong>NOCTURNAL ETERNITY (Szimfonikus met\u00e1l)<\/strong><br>A 2020-ban alakult zenekar a nagyszab\u00e1s\u00fa zenekari hangszerel\u00e9sek \u00e9s a felvillanyoz\u00f3 riffek mag\u00e1val ragad\u00f3 f\u00fazi\u00f3j\u00e1t hozza el. Egy m\u00e1r megjelent \u00e9s egy k\u00e9sz\u00fcl\u0151ben l\u00e9v\u0151 albummal a tarsolyukban, a Nocturnal Eternity epikus est\u00e9z\u00e1r\u00e1st \u00edg\u00e9r.<br>\ud83d\udd17\u00a0<a href=\"https:\/\/www.facebook.com\/Nocturnal.Eternity.Symphonic.Metal\" target=\"_blank\" rel=\"noreferrer noopener\">Facebook<\/a><\/p>\n\n\n\n<p class=\"wp-block-paragraph\">\ud83c\udf13\u00a0<strong>MENTAL DISTRICT (Alternat\u00edv\/Met\u00e1l)<\/strong><br>Krajov\u00e1r\u00f3l \u00e9rkeznek, Los Angeles-ben kevert hangz\u00e1ssal! \u201eBack To Life\u201d c\u00edm\u0171 albumuk zen\u00e9je egy \u00e9rzelmekkel teli utaz\u00e1s a traum\u00e1t\u00f3l a gy\u00f3gyul\u00e1sig, egyed\u00fcl\u00e1ll\u00f3 \u00e9s energi\u00e1val teli hang\u00e9lm\u00e9nyt ny\u00fajtva.<br>\ud83d\udd17\u00a0<a href=\"https:\/\/www.facebook.com\/MentalDistrictBand\" target=\"_blank\" rel=\"noreferrer noopener\">Facebook<\/a><\/p>\n\n\n\n<p class=\"wp-block-paragraph\">\ud83c\udf11\u00a0<strong>ENDLESS DARK (Gothic-Doom Met\u00e1l)<\/strong><br>K\u00e9sz\u00fcljetek fel a bel\u00e9p\u00e9sre a \u201eThe Kingdoom\u201d birodalm\u00e1ba! S\u00f6t\u00e9t atmoszf\u00e9ra, death\/black hat\u00e1sok \u00e9s doom melank\u00f3lia \u00f6tv\u00f6z\u0151dik egy \u201eharmonikus k\u00e1oszban\u201d, amely az \u00e9leten t\u00fali titkokat kutatja.<br>\ud83d\udd17\u00a0<a href=\"https:\/\/www.facebook.com\/profile.php?id=100082732505774\" target=\"_blank\" rel=\"noreferrer noopener\">Facebook<\/a><\/p>\n\n\n\n<p class=\"wp-block-paragraph\">\ud83c\udde7\ud83c\uddec\u00a0<strong>HISTORIAN (Bulg\u00e1ria)<\/strong><br>Sz\u00f3fi\u00e1b\u00f3l \u00e9rkez\u0151 k\u00fcl\u00f6nleges vend\u00e9geink \u00e1tl\u00e9pik a hat\u00e1rt, hogy elhozz\u00e1k a bolg\u00e1r met\u00e1l erej\u00e9t a Nocturnal Fest-re, folytatva ezzel a nemzetk\u00f6zi egy\u00fcttm\u0171k\u00f6d\u00e9sek hagyom\u00e1ny\u00e1t.<br>\ud83d\udd17\u00a0<a href=\"https:\/\/www.facebook.com\/HistorianMetal\" target=\"_blank\" rel=\"noreferrer noopener\">Facebook<\/a><\/p>\n\n\n\n<p class=\"wp-block-paragraph\">\u2694\ufe0f\u00a0<strong>ALAKS\u00d6R (Marosv\u00e1s\u00e1rhely)<\/strong><br>A marosv\u00e1s\u00e1rhelyi fiatalok lelkesed\u00e9ssel \u00e9s nyers er\u0151vel nyitj\u00e1k az est\u00e9t! A marosi met\u00e1l \u00faj gener\u00e1ci\u00f3j\u00e1t k\u00e9pviselve, az Alaks\u00f6r olyan show-t \u00edg\u00e9r, amely megadja az alaphangot az eg\u00e9sz fesztiv\u00e1lnak.<br>\ud83d\udd17\u00a0<a href=\"https:\/\/www.facebook.com\/profile.php?id=61583676750530\" target=\"_blank\" rel=\"noreferrer noopener\">Facebook<\/a><\/p>\n\n\n\n<hr class=\"wp-block-separator has-alpha-channel-opacity\"\/>\n\n\n\n<p class=\"wp-block-paragraph\">\ud83d\udccd<strong>Helysz\u00edn:<\/strong> Republic Hub, Marosszentanna, Iskola utca 229. sz\u00e1m<br>\ud83d\udce7\u00a0<strong>Kontact:<\/strong>\u00a0<a href=\"https:\/\/www.google.com\/url?sa=E&amp;q=mailto%3Amanachemihaly%40gmail.com\" target=\"_blank\" rel=\"noopener\">manachemihaly@gmail.com<\/a>\u00a0\/\u00a0<a href=\"https:\/\/www.google.com\/url?sa=E&amp;q=mailto%3Anocturnal.romania%40gmail.com\" target=\"_blank\" rel=\"noopener\">nocturnal.romania@gmail.com<\/a><\/p>\n\n\n\n<p class=\"wp-block-paragraph\">A Nocturnal Fest nem csup\u00e1n egy esem\u00e9ny, hanem az a hely, ahol k\u00f6z\u00f6ss\u00e9g\u00fcnk egym\u00e1sra tal\u00e1l. Tal\u00e1lkozunk a moshpitben! \ud83e\udd18<\/p>\n\n\n\n<hr class=\"wp-block-separator has-alpha-channel-opacity\"\/>\n\n\n\n<p class=\"wp-block-paragraph\">A k\u00f6zelg\u0151 esem\u00e9nyekr\u0151l tov\u00e1bbi inform\u00e1ci\u00f3k\u00e9rt l\u00e1togass el a <a href=\"https:\/\/webui.promptty.reea.net\/c\/e8d28138-8b59-4dfa-ae20-8688ecfc3958\" target=\"_blank\" rel=\"noopener\"><b>\u201e<\/b><\/a><a href=\"https:\/\/republicproduction.ro\/bilete-evenimente\/\" target=\"_blank\" rel=\"noopener\"><b>Esem\u00e9nyek a Republic Hub-ban<\/b><\/a><a href=\"https:\/\/webui.promptty.reea.net\/c\/e8d28138-8b59-4dfa-ae20-8688ecfc3958\" target=\"_blank\" rel=\"noopener\">\u201d <\/a>r\u00e9szlegre, \u00e9s v\u00e1laszd ki az \u00e9rdekes koncertet!<\/p>\n\n\n\n<p class=\"wp-block-paragraph\">A k\u00f6zleked\u00e9sen t\u00f6prengtek? A rendezv\u00e9nyre\/koncertre k\u00f6nnyen eljuthattok a <b>8-as sz\u00e1m\u00fa<\/b> busszal. N\u00e9zz\u00e9tek meg a menetrendet <a href=\"https:\/\/appassets.mvtdev.com\/map\/135\/l\/3360\/124603678.pdf\" target=\"_blank\" rel=\"noopener\">[itt]<\/a>, \u00e9s k\u00f6nnyed\u00e9n tervezz\u00e9tek meg az utatokat.<\/p>\n\n\n\n<figure class=\"wp-block-image size-full is-resized\"><img decoding=\"async\" width=\"1024\" height=\"268\" src=\"https:\/\/birdmusicproduction.ro\/wp-content\/uploads\/2025\/04\/image.png\" alt=\"\" class=\"wp-image-21744\" style=\"aspect-ratio:3.8210599965016616;width:1045px;height:auto\" title=\"\" srcset=\"https:\/\/birdmusicproduction.ro\/wp-content\/uploads\/2025\/04\/image.png 1024w, https:\/\/birdmusicproduction.ro\/wp-content\/uploads\/2025\/04\/image-300x79.png 300w, https:\/\/birdmusicproduction.ro\/wp-content\/uploads\/2025\/04\/image-768x201.png 768w, https:\/\/birdmusicproduction.ro\/wp-content\/uploads\/2025\/04\/image-600x157.png 600w\" sizes=\"(max-width: 1024px) 100vw, 1024px\" \/><\/figure>\n","protected":false},"excerpt":{"rendered":"<p>FOLYTAT\u00d3DIK A HAGYOM\u00c1NY: NOCTURNAL FEST II K\u00f6z\u00f6ss\u00e9g\u00fcnk \u00fajra egyes\u00fcl a NOCTURNAL FEST 2026 m\u00e1sodik kiad\u00e1s\u00e1ra! Imm\u00e1r harmadik alkalommal a Republic Hub sz\u00ednpad\u00e1n, a Nocturnal Eternity zenekar (a rendezv\u00e9ny h\u00e1zigazd\u00e1ja \u00e9s szervez\u0151je, Manache Mih\u00e1ly r\u00e9v\u00e9n) egy metal maratonra invit\u00e1l titeket, amely a bar\u00e1ts\u00e1got \u00e9s az \u00e9l\u0151 zene erej\u00e9t \u00fcnnepli. Szeptember 26-\u00e1n, szombaton a Republic Hub ism\u00e9t [&hellip;]<\/p>\n","protected":false},"featured_media":23770,"template":"","meta":{"_acf_changed":false,"site-sidebar-layout":"default","site-content-layout":"","ast-site-content-layout":"default","site-content-style":"default","site-sidebar-style":"default","ast-global-header-display":"","ast-banner-title-visibility":"","ast-main-header-display":"","ast-hfb-above-header-display":"","ast-hfb-below-header-display":"","ast-hfb-mobile-header-display":"","site-post-title":"","ast-breadcrumbs-content":"","ast-featured-img":"","footer-sml-layout":"","ast-disable-related-posts":"","theme-transparent-header-meta":"","adv-header-id-meta":"","stick-header-meta":"","header-above-stick-meta":"","header-main-stick-meta":"","header-below-stick-meta":"","astra-migrate-meta-layouts":"set","ast-page-background-enabled":"default","ast-page-background-meta":{"desktop":{"background-color":"","background-image":"","background-repeat":"repeat","background-position":"center center","background-size":"auto","background-attachment":"scroll","background-type":"","background-media":"","overlay-type":"","overlay-color":"","overlay-opacity":"","overlay-gradient":""},"tablet":{"background-color":"","background-image":"","background-repeat":"repeat","background-position":"center center","background-size":"auto","background-attachment":"scroll","background-type":"","background-media":"","overlay-type":"","overlay-color":"","overlay-opacity":"","overlay-gradient":""},"mobile":{"background-color":"","background-image":"","background-repeat":"repeat","background-position":"center center","background-size":"auto","background-attachment":"scroll","background-type":"","background-media":"","overlay-type":"","overlay-color":"","overlay-opacity":"","overlay-gradient":""}},"ast-content-background-meta":{"desktop":{"background-color":"var(--ast-global-color-5)","background-image":"","background-repeat":"repeat","background-position":"center center","background-size":"auto","background-attachment":"scroll","background-type":"","background-media":"","overlay-type":"","overlay-color":"","overlay-opacity":"","overlay-gradient":""},"tablet":{"background-color":"var(--ast-global-color-5)","background-image":"","background-repeat":"repeat","background-position":"center center","background-size":"auto","background-attachment":"scroll","background-type":"","background-media":"","overlay-type":"","overlay-color":"","overlay-opacity":"","overlay-gradient":""},"mobile":{"background-color":"var(--ast-global-color-5)","background-image":"","background-repeat":"repeat","background-position":"center center","background-size":"auto","background-attachment":"scroll","background-type":"","background-media":"","overlay-type":"","overlay-color":"","overlay-opacity":"","overlay-gradient":""}}},"event_category":[],"class_list":["post-23771","tc_events","type-tc_events","status-publish","has-post-thumbnail","hentry"],"acf":[],"event_start_date":{"raw":"2026-09-26 17:30","formatted":"2026.09.26. 17:30","timestamp":1790443800},"_links":{"self":[{"href":"https:\/\/birdmusicproduction.ro\/hu\/wp-json\/wp\/v2\/tc_events\/23771","targetHints":{"allow":["GET"]}}],"collection":[{"href":"https:\/\/birdmusicproduction.ro\/hu\/wp-json\/wp\/v2\/tc_events"}],"about":[{"href":"https:\/\/birdmusicproduction.ro\/hu\/wp-json\/wp\/v2\/types\/tc_events"}],"wp:featuredmedia":[{"embeddable":true,"href":"https:\/\/birdmusicproduction.ro\/hu\/wp-json\/wp\/v2\/media\/23770"}],"wp:attachment":[{"href":"https:\/\/birdmusicproduction.ro\/hu\/wp-json\/wp\/v2\/media?parent=23771"}],"wp:term":[{"taxonomy":"event_category","embeddable":true,"href":"https:\/\/birdmusicproduction.ro\/hu\/wp-json\/wp\/v2\/event_category?post=23771"}],"curies":[{"name":"wp","href":"https:\/\/api.w.org\/{rel}","templated":true}]}}